{"id":828,"date":"2017-09-29T20:56:50","date_gmt":"2017-09-29T18:56:50","guid":{"rendered":"https:\/\/locappartavoriaz.com\/?page_id=828"},"modified":"2020-09-23T22:21:15","modified_gmt":"2020-09-23T20:21:15","slug":"studio-310","status":"publish","type":"page","link":"https:\/\/locappartavoriaz.com\/index.php\/studio-310\/","title":{"rendered":"Studio 310 (Immeuble Le Vivace)"},"content":{"rendered":"\n<figure class=\"wp-block-image size-large is-resized is-style-rounded\"><img loading=\"lazy\" decoding=\"async\" src=\"https:\/\/locappartavoriaz.com\/wp-content\/uploads\/2020\/09\/vivace.png\" alt=\"\" class=\"wp-image-1401\" width=\"982\" height=\"593\" srcset=\"https:\/\/locappartavoriaz.com\/wp-content\/uploads\/2020\/09\/vivace.png 667w, https:\/\/locappartavoriaz.com\/wp-content\/uploads\/2020\/09\/vivace-300x181.png 300w\" sizes=\"auto, (max-width: 982px) 100vw, 982px\" \/><\/figure>\n\n\n\n<p><\/p>\n\n\n\n<p class=\"has-virtue-primary-color has-text-color has-medium-font-size\"><strong>Situ\u00e9<\/strong> dans le quartier des Ruches, au 3\u00e8me \u00e9tage dans la r\u00e9sidence \u00ab\u00a0Le Vivace\u00a0\u00bb, \u00e0 d<strong>eux pas des commer\u00e7ants, du village des enfants, de la patinoire\u00a0et de l&rsquo;aquariaz, <\/strong>ce studio de 21M\u00b2 est parfaitement \u00e9quip\u00e9 pour accueillir<strong> 4 personnes.<\/strong><\/p>\n\n\n\n<p class=\"has-virtue-primary-color has-text-color has-medium-font-size\">La kitchenette \u00e0 \u00e9t\u00e9 r\u00e9nov\u00e9e en 2017<\/p>\n\n\n\n<p class=\"has-virtue-primary-color has-text-color has-medium-font-size\">Vous pourrez, gr\u00e2ce \u00e0 son positionnement dans la station, avoir <strong>un d\u00e9part et un retour skis aux pieds<\/strong> en bas de l&rsquo;immeuble avec un <strong>acc\u00e8s imm\u00e9diat<\/strong> aux <strong>principales pistes<\/strong> du domaine skiable<\/p>\n\n\n\n<p class=\"has-virtue-primary-color has-text-color\"><\/p>\n\n\n<style>#kt-layout-id_acf14b-91 > .kt-row-column-wrap{align-content:start;}:where(#kt-layout-id_acf14b-91 > .kt-row-column-wrap) > .wp-block-kadence-column{justify-content:start;}#kt-layout-id_acf14b-91 > .kt-row-column-wrap{column-gap:var(--global-kb-gap-md, 2rem);row-gap:var(--global-kb-gap-md, 2rem);padding-top:var( --global-kb-row-default-top, 25px );padding-bottom:var( --global-kb-row-default-bottom, 25px );padding-top:var(--global-kb-spacing-sm, 1.5rem);padding-bottom:var(--global-kb-spacing-sm, 1.5rem);grid-template-columns:repeat(2, minmax(0, 1fr));}#kt-layout-id_acf14b-91 > .kt-row-layout-overlay{opacity:0.30;}@media all and (max-width: 1024px){#kt-layout-id_acf14b-91 > .kt-row-column-wrap{grid-template-columns:repeat(2, minmax(0, 1fr));}}@media all and (max-width: 767px){#kt-layout-id_acf14b-91 > .kt-row-column-wrap{grid-template-columns:minmax(0, 1fr);}}<\/style>\n<div class=\"wp-block-kadence-rowlayout alignnone\"><div id=\"kt-layout-id_acf14b-91\" class=\"kt-row-layout-inner kt-layout-id_acf14b-91\"><div class=\"kt-row-column-wrap kt-has-2-columns kt-gutter-default kt-v-gutter-default kt-row-valign-top kt-row-layout-equal kt-tab-layout-inherit kt-m-colapse-left-to-right kt-mobile-layout-row\"><style>.kadence-column_e44d60-3a > .kt-inside-inner-col{border-top-width:0px;border-right-width:0px;border-bottom-width:0px;border-left-width:0px;}.kadence-column_e44d60-3a > .kt-inside-inner-col,.kadence-column_e44d60-3a > .kt-inside-inner-col:before{border-top-left-radius:0px;border-top-right-radius:0px;border-bottom-right-radius:0px;border-bottom-left-radius:0px;}.kadence-column_e44d60-3a > .kt-inside-inner-col{column-gap:var(--global-kb-gap-sm, 1rem);}.kadence-column_e44d60-3a > .kt-inside-inner-col{flex-direction:column;}.kadence-column_e44d60-3a > .kt-inside-inner-col > .aligncenter{width:100%;}.kadence-column_e44d60-3a > .kt-inside-inner-col:before{opacity:0.3;}.kadence-column_e44d60-3a{position:relative;}@media all and (max-width: 1024px){.kadence-column_e44d60-3a > .kt-inside-inner-col{flex-direction:column;justify-content:center;}}@media all and (max-width: 767px){.kadence-column_e44d60-3a > .kt-inside-inner-col{flex-direction:column;justify-content:center;}}<\/style>\n<div class=\"wp-block-kadence-column inner-column-1 kadence-column_e44d60-3a\"><div class=\"kt-inside-inner-col\">\n<p class=\"has-virtue-primary-color has-text-color has-medium-font-size\"><strong>Mes avantages<\/strong><\/p>\n\n\n\n<ul class=\"wp-block-list\"><li><span class=\"has-inline-color has-virtue-primary-color\"><strong>Relation privil\u00e9gi\u00e9e avec les propri\u00e9taires<\/strong><\/span><\/li><li><span class=\"has-inline-color has-virtue-primary-color\"><strong>D\u00e9part-retour skis aux pieds<\/strong><\/span><\/li><li><span class=\"has-inline-color has-virtue-primary-color\"><strong>Internet<\/strong><\/span><\/li><li><span class=\"has-inline-color has-virtue-primary-color\"><strong>Proximit\u00e9 du centre tout en \u00e9tant au calme<\/strong><\/span><\/li><\/ul>\n<\/div><\/div>\n\n\n<style>.kadence-column_76a1fd-64 > .kt-inside-inner-col{border-top-width:0px;border-right-width:0px;border-bottom-width:0px;border-left-width:0px;}.kadence-column_76a1fd-64 > .kt-inside-inner-col,.kadence-column_76a1fd-64 > .kt-inside-inner-col:before{border-top-left-radius:0px;border-top-right-radius:0px;border-bottom-right-radius:0px;border-bottom-left-radius:0px;}.kadence-column_76a1fd-64 > .kt-inside-inner-col{column-gap:var(--global-kb-gap-sm, 1rem);}.kadence-column_76a1fd-64 > .kt-inside-inner-col{flex-direction:column;}.kadence-column_76a1fd-64 > .kt-inside-inner-col > .aligncenter{width:100%;}.kadence-column_76a1fd-64 > .kt-inside-inner-col:before{opacity:0.3;}.kadence-column_76a1fd-64{position:relative;}@media all and (max-width: 1024px){.kadence-column_76a1fd-64 > .kt-inside-inner-col{flex-direction:column;justify-content:center;}}@media all and (max-width: 767px){.kadence-column_76a1fd-64 > .kt-inside-inner-col{flex-direction:column;justify-content:center;}}<\/style>\n<div class=\"wp-block-kadence-column inner-column-2 kadence-column_76a1fd-64\"><div class=\"kt-inside-inner-col\">\n<p class=\"has-virtue-primary-color has-text-color has-medium-font-size\"><strong>Mes \u00e9quipements principau<\/strong><strong>x<\/strong><\/p>\n\n\n\n<ul class=\"wp-block-list\"><li><strong><span class=\"has-inline-color has-virtue-primary-color\">Canap\u00e9 lit type \u00ab\u00a0clic clac\u00a0\u00bb 2 places<\/span><\/strong><\/li><li><strong><span class=\"has-inline-color has-virtue-primary-color\">Lits superpos\u00e9s neufs avec 2 couchages de 80*190<\/span><\/strong><\/li><li><strong><span class=\"has-inline-color has-virtue-primary-color\">1 t\u00e9l\u00e9vision \u00e9cran plat<\/span><\/strong><\/li><li><strong><span class=\"has-inline-color has-virtue-primary-color\">Cuisine \u00e9quip\u00e9e d&rsquo;un lave vaisselle \/ Four micro ondes \/ Plaque \u00e9lectrique 2 feux<\/span><\/strong><\/li><li><strong><span class=\"has-inline-color has-virtue-primary-color\">R\u00e9frig\u00e9rateur<\/span><\/strong><\/li><li><strong><span class=\"has-inline-color has-virtue-primary-color\">Service \u00e0 raclette \/ Cocotte minute<\/span><\/strong><\/li><li><strong><span class=\"has-inline-color has-virtue-primary-color\">Salle de bain avec baignoire<\/span><\/strong><\/li><li><strong><span class=\"has-inline-color has-virtue-primary-color\">WC s\u00e9par\u00e9s<\/span><\/strong><\/li><li><strong><span class=\"has-inline-color has-virtue-primary-color\">Casier \u00e0 skis<\/span><\/strong><\/li><\/ul>\n<\/div><\/div>\n<\/div><\/div><\/div>\n","protected":false},"excerpt":{"rendered":"<p>Situ\u00e9 dans le quartier des Ruches, au 3\u00e8me \u00e9tage dans la r\u00e9sidence \u00ab\u00a0Le Vivace\u00a0\u00bb, \u00e0 deux pas des commer\u00e7ants, du village des enfants, de la patinoire\u00a0et de l&rsquo;aquariaz, ce studio de 21M\u00b2 est parfaitement \u00e9quip\u00e9 pour accueillir 4 personnes. La &hellip; <a href=\"https:\/\/locappartavoriaz.com\/index.php\/studio-310\/\">Lire la suite\u00ad\u00ad<\/a><\/p>\n","protected":false},"author":1,"featured_media":0,"parent":0,"menu_order":0,"comment_status":"closed","ping_status":"closed","template":"","meta":{"kt_blocks_editor_width":"","two_page_speed":[],"footnotes":""},"class_list":["post-828","page","type-page","status-publish","hentry"],"yoast_head":"<!-- This site is optimized with the Yoast SEO plugin v27.1.1 - https:\/\/yoast.com\/product\/yoast-seo-wordpress\/ -->\n<title>Studio 310 (Immeuble Le Vivace) -<\/title>\n<meta name=\"robots\" content=\"index, follow, max-snippet:-1, max-image-preview:large, max-video-preview:-1\" \/>\n<link rel=\"canonical\" href=\"https:\/\/locappartavoriaz.com\/index.php\/studio-310\/\" \/>\n<meta property=\"og:locale\" content=\"fr_FR\" \/>\n<meta property=\"og:type\" content=\"article\" \/>\n<meta property=\"og:title\" content=\"Studio 310 (Immeuble Le Vivace) -\" \/>\n<meta property=\"og:description\" content=\"Situ\u00e9 dans le quartier des Ruches, au 3\u00e8me \u00e9tage dans la r\u00e9sidence \u00ab\u00a0Le Vivace\u00a0\u00bb, \u00e0 deux pas des commer\u00e7ants, du village des enfants, de la patinoire\u00a0et de l&rsquo;aquariaz, ce studio de 21M\u00b2 est parfaitement \u00e9quip\u00e9 pour accueillir 4 personnes. La &hellip; Lire la suite\u00ad\u00ad\" \/>\n<meta property=\"og:url\" content=\"https:\/\/locappartavoriaz.com\/index.php\/studio-310\/\" \/>\n<meta property=\"article:publisher\" content=\"https:\/\/www.facebook.com\/profile.php?id=100016065439269\" \/>\n<meta property=\"article:modified_time\" content=\"2020-09-23T20:21:15+00:00\" \/>\n<meta property=\"og:image\" content=\"https:\/\/locappartavoriaz.com\/wp-content\/uploads\/2020\/09\/vivace.png\" \/>\n<meta name=\"twitter:card\" content=\"summary_large_image\" \/>\n<meta name=\"twitter:label1\" content=\"Dur\u00e9e de lecture estim\u00e9e\" \/>\n\t<meta name=\"twitter:data1\" content=\"1 minute\" \/>\n<script type=\"application\/ld+json\" class=\"yoast-schema-graph\">{\"@context\":\"https:\/\/schema.org\",\"@graph\":[{\"@type\":\"WebPage\",\"@id\":\"https:\/\/locappartavoriaz.com\/index.php\/studio-310\/\",\"url\":\"https:\/\/locappartavoriaz.com\/index.php\/studio-310\/\",\"name\":\"Studio 310 (Immeuble Le Vivace) -\",\"isPartOf\":{\"@id\":\"https:\/\/locappartavoriaz.com\/#website\"},\"primaryImageOfPage\":{\"@id\":\"https:\/\/locappartavoriaz.com\/index.php\/studio-310\/#primaryimage\"},\"image\":{\"@id\":\"https:\/\/locappartavoriaz.com\/index.php\/studio-310\/#primaryimage\"},\"thumbnailUrl\":\"https:\/\/locappartavoriaz.com\/wp-content\/uploads\/2020\/09\/vivace.png\",\"datePublished\":\"2017-09-29T18:56:50+00:00\",\"dateModified\":\"2020-09-23T20:21:15+00:00\",\"breadcrumb\":{\"@id\":\"https:\/\/locappartavoriaz.com\/index.php\/studio-310\/#breadcrumb\"},\"inLanguage\":\"fr-FR\",\"potentialAction\":[{\"@type\":\"ReadAction\",\"target\":[\"https:\/\/locappartavoriaz.com\/index.php\/studio-310\/\"]}]},{\"@type\":\"ImageObject\",\"inLanguage\":\"fr-FR\",\"@id\":\"https:\/\/locappartavoriaz.com\/index.php\/studio-310\/#primaryimage\",\"url\":\"https:\/\/locappartavoriaz.com\/wp-content\/uploads\/2020\/09\/vivace.png\",\"contentUrl\":\"https:\/\/locappartavoriaz.com\/wp-content\/uploads\/2020\/09\/vivace.png\",\"width\":667,\"height\":403},{\"@type\":\"BreadcrumbList\",\"@id\":\"https:\/\/locappartavoriaz.com\/index.php\/studio-310\/#breadcrumb\",\"itemListElement\":[{\"@type\":\"ListItem\",\"position\":1,\"name\":\"Accueil\",\"item\":\"https:\/\/locappartavoriaz.com\/\"},{\"@type\":\"ListItem\",\"position\":2,\"name\":\"Studio 310 (Immeuble Le Vivace)\"}]},{\"@type\":\"WebSite\",\"@id\":\"https:\/\/locappartavoriaz.com\/#website\",\"url\":\"https:\/\/locappartavoriaz.com\/\",\"name\":\"locappartavoriaz.com\",\"description\":\"Un site utilisant WordPress\",\"publisher\":{\"@id\":\"https:\/\/locappartavoriaz.com\/#organization\"},\"potentialAction\":[{\"@type\":\"SearchAction\",\"target\":{\"@type\":\"EntryPoint\",\"urlTemplate\":\"https:\/\/locappartavoriaz.com\/?s={search_term_string}\"},\"query-input\":{\"@type\":\"PropertyValueSpecification\",\"valueRequired\":true,\"valueName\":\"search_term_string\"}}],\"inLanguage\":\"fr-FR\"},{\"@type\":\"Organization\",\"@id\":\"https:\/\/locappartavoriaz.com\/#organization\",\"name\":\"loc appart avoriaz\",\"url\":\"https:\/\/locappartavoriaz.com\/\",\"logo\":{\"@type\":\"ImageObject\",\"inLanguage\":\"fr-FR\",\"@id\":\"https:\/\/locappartavoriaz.com\/#\/schema\/logo\/image\/\",\"url\":\"https:\/\/locappartavoriaz.com\/wp-content\/uploads\/2024\/09\/logo.jpg\",\"contentUrl\":\"https:\/\/locappartavoriaz.com\/wp-content\/uploads\/2024\/09\/logo.jpg\",\"width\":698,\"height\":395,\"caption\":\"loc appart avoriaz\"},\"image\":{\"@id\":\"https:\/\/locappartavoriaz.com\/#\/schema\/logo\/image\/\"},\"sameAs\":[\"https:\/\/www.facebook.com\/profile.php?id=100016065439269\"]}]}<\/script>\n<!-- \/ Yoast SEO plugin. -->","yoast_head_json":{"title":"Studio 310 (Immeuble Le Vivace) -","robots":{"index":"index","follow":"follow","max-snippet":"max-snippet:-1","max-image-preview":"max-image-preview:large","max-video-preview":"max-video-preview:-1"},"canonical":"https:\/\/locappartavoriaz.com\/index.php\/studio-310\/","og_locale":"fr_FR","og_type":"article","og_title":"Studio 310 (Immeuble Le Vivace) -","og_description":"Situ\u00e9 dans le quartier des Ruches, au 3\u00e8me \u00e9tage dans la r\u00e9sidence \u00ab\u00a0Le Vivace\u00a0\u00bb, \u00e0 deux pas des commer\u00e7ants, du village des enfants, de la patinoire\u00a0et de l&rsquo;aquariaz, ce studio de 21M\u00b2 est parfaitement \u00e9quip\u00e9 pour accueillir 4 personnes. La &hellip; Lire la suite\u00ad\u00ad","og_url":"https:\/\/locappartavoriaz.com\/index.php\/studio-310\/","article_publisher":"https:\/\/www.facebook.com\/profile.php?id=100016065439269","article_modified_time":"2020-09-23T20:21:15+00:00","og_image":[{"url":"https:\/\/locappartavoriaz.com\/wp-content\/uploads\/2020\/09\/vivace.png","type":"","width":"","height":""}],"twitter_card":"summary_large_image","twitter_misc":{"Dur\u00e9e de lecture estim\u00e9e":"1 minute"},"schema":{"@context":"https:\/\/schema.org","@graph":[{"@type":"WebPage","@id":"https:\/\/locappartavoriaz.com\/index.php\/studio-310\/","url":"https:\/\/locappartavoriaz.com\/index.php\/studio-310\/","name":"Studio 310 (Immeuble Le Vivace) -","isPartOf":{"@id":"https:\/\/locappartavoriaz.com\/#website"},"primaryImageOfPage":{"@id":"https:\/\/locappartavoriaz.com\/index.php\/studio-310\/#primaryimage"},"image":{"@id":"https:\/\/locappartavoriaz.com\/index.php\/studio-310\/#primaryimage"},"thumbnailUrl":"https:\/\/locappartavoriaz.com\/wp-content\/uploads\/2020\/09\/vivace.png","datePublished":"2017-09-29T18:56:50+00:00","dateModified":"2020-09-23T20:21:15+00:00","breadcrumb":{"@id":"https:\/\/locappartavoriaz.com\/index.php\/studio-310\/#breadcrumb"},"inLanguage":"fr-FR","potentialAction":[{"@type":"ReadAction","target":["https:\/\/locappartavoriaz.com\/index.php\/studio-310\/"]}]},{"@type":"ImageObject","inLanguage":"fr-FR","@id":"https:\/\/locappartavoriaz.com\/index.php\/studio-310\/#primaryimage","url":"https:\/\/locappartavoriaz.com\/wp-content\/uploads\/2020\/09\/vivace.png","contentUrl":"https:\/\/locappartavoriaz.com\/wp-content\/uploads\/2020\/09\/vivace.png","width":667,"height":403},{"@type":"BreadcrumbList","@id":"https:\/\/locappartavoriaz.com\/index.php\/studio-310\/#breadcrumb","itemListElement":[{"@type":"ListItem","position":1,"name":"Accueil","item":"https:\/\/locappartavoriaz.com\/"},{"@type":"ListItem","position":2,"name":"Studio 310 (Immeuble Le Vivace)"}]},{"@type":"WebSite","@id":"https:\/\/locappartavoriaz.com\/#website","url":"https:\/\/locappartavoriaz.com\/","name":"locappartavoriaz.com","description":"Un site utilisant WordPress","publisher":{"@id":"https:\/\/locappartavoriaz.com\/#organization"},"potentialAction":[{"@type":"SearchAction","target":{"@type":"EntryPoint","urlTemplate":"https:\/\/locappartavoriaz.com\/?s={search_term_string}"},"query-input":{"@type":"PropertyValueSpecification","valueRequired":true,"valueName":"search_term_string"}}],"inLanguage":"fr-FR"},{"@type":"Organization","@id":"https:\/\/locappartavoriaz.com\/#organization","name":"loc appart avoriaz","url":"https:\/\/locappartavoriaz.com\/","logo":{"@type":"ImageObject","inLanguage":"fr-FR","@id":"https:\/\/locappartavoriaz.com\/#\/schema\/logo\/image\/","url":"https:\/\/locappartavoriaz.com\/wp-content\/uploads\/2024\/09\/logo.jpg","contentUrl":"https:\/\/locappartavoriaz.com\/wp-content\/uploads\/2024\/09\/logo.jpg","width":698,"height":395,"caption":"loc appart avoriaz"},"image":{"@id":"https:\/\/locappartavoriaz.com\/#\/schema\/logo\/image\/"},"sameAs":["https:\/\/www.facebook.com\/profile.php?id=100016065439269"]}]}},"_links":{"self":[{"href":"https:\/\/locappartavoriaz.com\/index.php\/wp-json\/wp\/v2\/pages\/828","targetHints":{"allow":["GET"]}}],"collection":[{"href":"https:\/\/locappartavoriaz.com\/index.php\/wp-json\/wp\/v2\/pages"}],"about":[{"href":"https:\/\/locappartavoriaz.com\/index.php\/wp-json\/wp\/v2\/types\/page"}],"author":[{"embeddable":true,"href":"https:\/\/locappartavoriaz.com\/index.php\/wp-json\/wp\/v2\/users\/1"}],"replies":[{"embeddable":true,"href":"https:\/\/locappartavoriaz.com\/index.php\/wp-json\/wp\/v2\/comments?post=828"}],"version-history":[{"count":5,"href":"https:\/\/locappartavoriaz.com\/index.php\/wp-json\/wp\/v2\/pages\/828\/revisions"}],"predecessor-version":[{"id":1463,"href":"https:\/\/locappartavoriaz.com\/index.php\/wp-json\/wp\/v2\/pages\/828\/revisions\/1463"}],"wp:attachment":[{"href":"https:\/\/locappartavoriaz.com\/index.php\/wp-json\/wp\/v2\/media?parent=828"}],"curies":[{"name":"wp","href":"https:\/\/api.w.org\/{rel}","templated":true}]}}